{"id":2250,"date":"2022-06-21T22:06:19","date_gmt":"2022-06-21T20:06:19","guid":{"rendered":"https:\/\/riks.ungoteket.se\/orientering\/?page_id=2250"},"modified":"2022-06-21T22:06:21","modified_gmt":"2022-06-21T20:06:21","slug":"u25-camp-blogg","status":"publish","type":"page","link":"https:\/\/riks.ungoteket.se\/orientering\/u25-camp-blogg\/","title":{"rendered":"U25-camp blogg"},"content":{"rendered":"<div  class='avia-image-container  av-styling-    avia-builder-el-0  el_before_av_blog  avia-builder-el-first  avia-align-center '  itemprop=\"image\" itemscope=\"itemscope\" itemtype=\"https:\/\/schema.org\/ImageObject\"  ><div class='avia-image-container-inner'><div class='avia-image-overlay-wrap'><img class='wp-image-2254 avia-img-lazy-loading-not-2254 avia_image' src='https:\/\/riks.ungoteket.se\/orientering\/wp-content\/uploads\/sites\/2\/2022\/06\/Banner-U25-camp-till-PM-1030x260.png' alt='' title='Banner U25-camp till PM' height=\"260\" width=\"1030\"  itemprop=\"thumbnailUrl\"  \/><\/div><\/div><\/div>\n<div  class='av-alb-blogposts template-blog  av-blog-meta-author-disabled av-blog-meta-comments-disabled av-blog-meta-category-disabled av-blog-meta-html-info-disabled av-blog-meta-tag-disabled '  itemscope=\"itemscope\" itemtype=\"https:\/\/schema.org\/Blog\" ><article class='post-entry post-entry-type-standard post-entry-2292 post-loop-1 post-parity-odd single-big with-slider post-2292 post type-post status-publish format-standard has-post-thumbnail hentry category-okategoriserade'  itemscope=\"itemscope\" itemtype=\"https:\/\/schema.org\/BlogPosting\" ><div class='blog-meta'><\/div><div class='entry-content-wrapper clearfix standard-content'><header class=\"entry-content-header\"><div class=\"av-heading-wrapper\"><span class=\"blog-categories minor-meta\"><a href=\"https:\/\/riks.ungoteket.se\/orientering\/category\/okategoriserade\/\" rel=\"tag\">Okategoriserade<\/a> <\/span><h2 class='post-title entry-title '  itemprop=\"headline\" >\t<a href='https:\/\/riks.ungoteket.se\/orientering\/2022\/06\/30\/rapport-fran-u25-camp-onsdag\/' rel='bookmark' title='Permanent l\u00e4nk: Rapport fr\u00e5n U25-camp onsdag'>Rapport fr\u00e5n U25-camp onsdag\t\t\t<span class='post-format-icon minor-meta'><\/span>\t<\/a><\/h2><\/div><\/header><span class=\"av-vertical-delimiter\"><\/span><div class=\"big-preview single-big\"  itemprop=\"image\" itemscope=\"itemscope\" itemtype=\"https:\/\/schema.org\/ImageObject\" ><a href=\"https:\/\/riks.ungoteket.se\/orientering\/2022\/06\/30\/rapport-fran-u25-camp-onsdag\/\"  title=\"Efter t\u00e4vling\" ><img loading=\"lazy\" decoding=\"async\" width=\"1210\" height=\"423\" src=\"https:\/\/riks.ungoteket.se\/orientering\/wp-content\/uploads\/sites\/2\/2022\/06\/Efter-t\u00e4vling-1210x423.jpg\" class=\"wp-image-2298 avia-img-lazy-loading-2298 attachment-entry_without_sidebar size-entry_without_sidebar wp-post-image\" alt=\"\" \/><\/a><\/div><div class=\"entry-content\"  itemprop=\"text\" >\n<p>\u00c4ven idag b\u00f6rjade dagen med tr\u00e4ning, eller ja, f\u00f6r de allra flesta stod det faktiskt t\u00e4vling som Idrefj\u00e4llens OK arrangerade p\u00e5 schemat. Efter m\u00e5nga bra prestationer i skogen blev det lunch i solen som \u00e4ntligen kom fram efter g\u00e5rdagens ov\u00e4der. Som vanligt bj\u00f6ds det p\u00e5 Livelox-analyser p\u00e5 lunchen innan det var dags f\u00f6r utbildning  p\u00e5 eftermiddagen respektive downhill-OL eller toppbestigning av St\u00e4djan (f\u00f6r dom som k\u00f6r tr\u00e4ningssp\u00e5ret) .&nbsp;<\/p>\n\n\n\n<figure class=\"wp-block-gallery columns-3 is-cropped wp-block-gallery-1 is-layout-flex wp-block-gallery-is-layout-flex\"><ul class=\"blocks-gallery-grid\"><li class=\"blocks-gallery-item\"><figure><img loading=\"lazy\" decoding=\"async\" width=\"1030\" height=\"773\" src=\"https:\/\/riks.ungoteket.se\/orientering\/wp-content\/uploads\/sites\/2\/2022\/06\/Spurt-6-1030x773.jpg\" alt=\"\" data-id=\"2302\" data-full-url=\"https:\/\/riks.ungoteket.se\/orientering\/wp-content\/uploads\/sites\/2\/2022\/06\/Spurt-6-scaled.jpg\" data-link=\"https:\/\/riks.ungoteket.se\/orientering\/spurt-6\/\" class=\"wp-image-2302\" srcset=\"https:\/\/riks.ungoteket.se\/orientering\/wp-content\/uploads\/sites\/2\/2022\/06\/Spurt-6-1030x773.jpg 1030w, https:\/\/riks.ungoteket.se\/orientering\/wp-content\/uploads\/sites\/2\/2022\/06\/Spurt-6-300x225.jpg 300w, https:\/\/riks.ungoteket.se\/orientering\/wp-content\/uploads\/sites\/2\/2022\/06\/Spurt-6-768x577.jpg 768w, https:\/\/riks.ungoteket.se\/orientering\/wp-content\/uploads\/sites\/2\/2022\/06\/Spurt-6-1536x1153.jpg 1536w, https:\/\/riks.ungoteket.se\/orientering\/wp-content\/uploads\/sites\/2\/2022\/06\/Spurt-6-2048x1538.jpg 2048w, https:\/\/riks.ungoteket.se\/orientering\/wp-content\/uploads\/sites\/2\/2022\/06\/Spurt-6-1500x1126.jpg 1500w, https:\/\/riks.ungoteket.se\/orientering\/wp-content\/uploads\/sites\/2\/2022\/06\/Spurt-6-705x529.jpg 705w\" sizes=\"(max-width: 1030px) 100vw, 1030px\" \/><\/figure><\/li><li class=\"blocks-gallery-item\"><figure><img loading=\"lazy\" decoding=\"async\" width=\"1030\" height=\"773\" src=\"https:\/\/riks.ungoteket.se\/orientering\/wp-content\/uploads\/sites\/2\/2022\/06\/Spurt-5-1030x773.jpg\" alt=\"\" data-id=\"2301\" data-full-url=\"https:\/\/riks.ungoteket.se\/orientering\/wp-content\/uploads\/sites\/2\/2022\/06\/Spurt-5-scaled.jpg\" data-link=\"https:\/\/riks.ungoteket.se\/orientering\/spurt-5\/\" class=\"wp-image-2301\" srcset=\"https:\/\/riks.ungoteket.se\/orientering\/wp-content\/uploads\/sites\/2\/2022\/06\/Spurt-5-1030x773.jpg 1030w, https:\/\/riks.ungoteket.se\/orientering\/wp-content\/uploads\/sites\/2\/2022\/06\/Spurt-5-300x225.jpg 300w, https:\/\/riks.ungoteket.se\/orientering\/wp-content\/uploads\/sites\/2\/2022\/06\/Spurt-5-768x577.jpg 768w, https:\/\/riks.ungoteket.se\/orientering\/wp-content\/uploads\/sites\/2\/2022\/06\/Spurt-5-1536x1153.jpg 1536w, https:\/\/riks.ungoteket.se\/orientering\/wp-content\/uploads\/sites\/2\/2022\/06\/Spurt-5-2048x1538.jpg 2048w, https:\/\/riks.ungoteket.se\/orientering\/wp-content\/uploads\/sites\/2\/2022\/06\/Spurt-5-1500x1126.jpg 1500w, https:\/\/riks.ungoteket.se\/orientering\/wp-content\/uploads\/sites\/2\/2022\/06\/Spurt-5-705x529.jpg 705w\" sizes=\"(max-width: 1030px) 100vw, 1030px\" \/><\/figure><\/li><li class=\"blocks-gallery-item\"><figure><img loading=\"lazy\" decoding=\"async\" width=\"1030\" height=\"773\" src=\"https:\/\/riks.ungoteket.se\/orientering\/wp-content\/uploads\/sites\/2\/2022\/06\/Spurt-9-1030x773.jpg\" alt=\"\" data-id=\"2304\" data-full-url=\"https:\/\/riks.ungoteket.se\/orientering\/wp-content\/uploads\/sites\/2\/2022\/06\/Spurt-9-scaled.jpg\" data-link=\"https:\/\/riks.ungoteket.se\/orientering\/spurt-9\/\" class=\"wp-image-2304\" srcset=\"https:\/\/riks.ungoteket.se\/orientering\/wp-content\/uploads\/sites\/2\/2022\/06\/Spurt-9-1030x773.jpg 1030w, https:\/\/riks.ungoteket.se\/orientering\/wp-content\/uploads\/sites\/2\/2022\/06\/Spurt-9-300x225.jpg 300w, https:\/\/riks.ungoteket.se\/orientering\/wp-content\/uploads\/sites\/2\/2022\/06\/Spurt-9-768x577.jpg 768w, https:\/\/riks.ungoteket.se\/orientering\/wp-content\/uploads\/sites\/2\/2022\/06\/Spurt-9-1536x1153.jpg 1536w, https:\/\/riks.ungoteket.se\/orientering\/wp-content\/uploads\/sites\/2\/2022\/06\/Spurt-9-2048x1538.jpg 2048w, https:\/\/riks.ungoteket.se\/orientering\/wp-content\/uploads\/sites\/2\/2022\/06\/Spurt-9-1500x1126.jpg 1500w, https:\/\/riks.ungoteket.se\/orientering\/wp-content\/uploads\/sites\/2\/2022\/06\/Spurt-9-705x529.jpg 705w\" sizes=\"(max-width: 1030px) 100vw, 1030px\" \/><\/figure><\/li><\/ul><\/figure>\n\n\n\n<p>Banl\u00e4ggarna\ngick idag igenom hur man tar h\u00e4nsyn till mark och vilt n\u00e4r man l\u00e4gger banor,\nd\u00e4refter diskuterades sportslig r\u00e4ttvisa och vi kollade tillbaka p\u00e5 olika\nv\u00e4gledande beslut och diskuterade banl\u00e4ggarens roll i dom.&nbsp;<\/p>\n\n\n\n<p>Deltagarna p\u00e5 ledarutbildningen har idag grottat ner sig om hur man l\u00e4r ut orienteringsteknik rent praktiskt p\u00e5 gr\u00f6n till gul niv\u00e5. Deltagarna hade v\u00e4ldigt kul och levde sig in rollen som nyb\u00f6rjare s\u00e5 det blev rollspel p\u00e5 Dramatens niv\u00e5! Dessutom har vi alla blivit inspirerade av konceptet r\u00f6relserikedom &#8211; vad det inneb\u00e4r kommer ni f\u00e5 se i framtiden p\u00e5 deltagarnas klubbtr\u00e4ningar!&nbsp;<\/p>\n\n\n\n<figure class=\"wp-block-gallery columns-2 is-cropped wp-block-gallery-2 is-layout-flex wp-block-gallery-is-layout-flex\"><ul class=\"blocks-gallery-grid\"><li class=\"blocks-gallery-item\"><figure><img loading=\"lazy\" decoding=\"async\" width=\"1030\" height=\"773\" src=\"https:\/\/riks.ungoteket.se\/orientering\/wp-content\/uploads\/sites\/2\/2022\/06\/Banl\u00e4ggning-f\u00f6rel\u00e4sning-1030x773.jpg\" alt=\"\" data-id=\"2296\" data-full-url=\"https:\/\/riks.ungoteket.se\/orientering\/wp-content\/uploads\/sites\/2\/2022\/06\/Banl\u00e4ggning-f\u00f6rel\u00e4sning-scaled.jpg\" data-link=\"https:\/\/riks.ungoteket.se\/orientering\/banlaggning-forelasning\/\" class=\"wp-image-2296\" srcset=\"https:\/\/riks.ungoteket.se\/orientering\/wp-content\/uploads\/sites\/2\/2022\/06\/Banl\u00e4ggning-f\u00f6rel\u00e4sning-1030x773.jpg 1030w, https:\/\/riks.ungoteket.se\/orientering\/wp-content\/uploads\/sites\/2\/2022\/06\/Banl\u00e4ggning-f\u00f6rel\u00e4sning-300x225.jpg 300w, https:\/\/riks.ungoteket.se\/orientering\/wp-content\/uploads\/sites\/2\/2022\/06\/Banl\u00e4ggning-f\u00f6rel\u00e4sning-768x577.jpg 768w, https:\/\/riks.ungoteket.se\/orientering\/wp-content\/uploads\/sites\/2\/2022\/06\/Banl\u00e4ggning-f\u00f6rel\u00e4sning-1536x1153.jpg 1536w, https:\/\/riks.ungoteket.se\/orientering\/wp-content\/uploads\/sites\/2\/2022\/06\/Banl\u00e4ggning-f\u00f6rel\u00e4sning-2048x1538.jpg 2048w, https:\/\/riks.ungoteket.se\/orientering\/wp-content\/uploads\/sites\/2\/2022\/06\/Banl\u00e4ggning-f\u00f6rel\u00e4sning-1500x1126.jpg 1500w, https:\/\/riks.ungoteket.se\/orientering\/wp-content\/uploads\/sites\/2\/2022\/06\/Banl\u00e4ggning-f\u00f6rel\u00e4sning-705x529.jpg 705w\" sizes=\"(max-width: 1030px) 100vw, 1030px\" \/><figcaption class=\"blocks-gallery-item__caption\">Mark- och vilth\u00e4nsyn<\/figcaption><\/figure><\/li><li class=\"blocks-gallery-item\"><figure><img loading=\"lazy\" decoding=\"async\" width=\"773\" height=\"1030\" src=\"https:\/\/riks.ungoteket.se\/orientering\/wp-content\/uploads\/sites\/2\/2022\/06\/Ledarskap-r\u00f6relserikedom-773x1030.jpg\" alt=\"\" data-id=\"2300\" data-full-url=\"https:\/\/riks.ungoteket.se\/orientering\/wp-content\/uploads\/sites\/2\/2022\/06\/Ledarskap-r\u00f6relserikedom-scaled.jpg\" data-link=\"https:\/\/riks.ungoteket.se\/orientering\/ledarskap-rorelserikedom\/\" class=\"wp-image-2300\" srcset=\"https:\/\/riks.ungoteket.se\/orientering\/wp-content\/uploads\/sites\/2\/2022\/06\/Ledarskap-r\u00f6relserikedom-773x1030.jpg 773w, https:\/\/riks.ungoteket.se\/orientering\/wp-content\/uploads\/sites\/2\/2022\/06\/Ledarskap-r\u00f6relserikedom-225x300.jpg 225w, https:\/\/riks.ungoteket.se\/orientering\/wp-content\/uploads\/sites\/2\/2022\/06\/Ledarskap-r\u00f6relserikedom-768x1024.jpg 768w, https:\/\/riks.ungoteket.se\/orientering\/wp-content\/uploads\/sites\/2\/2022\/06\/Ledarskap-r\u00f6relserikedom-1152x1536.jpg 1152w, https:\/\/riks.ungoteket.se\/orientering\/wp-content\/uploads\/sites\/2\/2022\/06\/Ledarskap-r\u00f6relserikedom-1536x2048.jpg 1536w, https:\/\/riks.ungoteket.se\/orientering\/wp-content\/uploads\/sites\/2\/2022\/06\/Ledarskap-r\u00f6relserikedom-1125x1500.jpg 1125w, https:\/\/riks.ungoteket.se\/orientering\/wp-content\/uploads\/sites\/2\/2022\/06\/Ledarskap-r\u00f6relserikedom-529x705.jpg 529w, https:\/\/riks.ungoteket.se\/orientering\/wp-content\/uploads\/sites\/2\/2022\/06\/Ledarskap-r\u00f6relserikedom-scaled.jpg 1920w\" sizes=\"(max-width: 773px) 100vw, 773px\" \/><figcaption class=\"blocks-gallery-item__caption\">R\u00f6relserikedom i olika tappningar<\/figcaption><\/figure><\/li><\/ul><\/figure>\n\n\n\n<p>Middagen serverades och d\u00e4refter fanns det chans att l\u00e4ra sig allt om att hantera SportIdent f\u00f6r tr\u00e4ning. Deltagarna fick veta att Meos och SI-Droid\u00e4ra tv\u00e5 bra verktyg f\u00f6r detta. Deltagarna p\u00e5 banl\u00e4ggarutbildningen la f\u00e4rdigt sina f\u00f6rsta banor och fick hj\u00e4lp att skriva ut kartor som de imorgon ska anv\u00e4nda i ytterligare praktiska moment. <\/p>\n\n\n\n<figure class=\"wp-block-gallery columns-2 is-cropped wp-block-gallery-3 is-layout-flex wp-block-gallery-is-layout-flex\"><ul class=\"blocks-gallery-grid\"><li class=\"blocks-gallery-item\"><figure><img loading=\"lazy\" decoding=\"async\" width=\"1030\" height=\"773\" src=\"https:\/\/riks.ungoteket.se\/orientering\/wp-content\/uploads\/sites\/2\/2022\/06\/WS-Sportident-1030x773.jpg\" alt=\"\" data-id=\"2294\" data-full-url=\"https:\/\/riks.ungoteket.se\/orientering\/wp-content\/uploads\/sites\/2\/2022\/06\/WS-Sportident-scaled.jpg\" data-link=\"https:\/\/riks.ungoteket.se\/orientering\/ws-sportident\/\" class=\"wp-image-2294\" srcset=\"https:\/\/riks.ungoteket.se\/orientering\/wp-content\/uploads\/sites\/2\/2022\/06\/WS-Sportident-1030x773.jpg 1030w, https:\/\/riks.ungoteket.se\/orientering\/wp-content\/uploads\/sites\/2\/2022\/06\/WS-Sportident-300x225.jpg 300w, https:\/\/riks.ungoteket.se\/orientering\/wp-content\/uploads\/sites\/2\/2022\/06\/WS-Sportident-768x577.jpg 768w, https:\/\/riks.ungoteket.se\/orientering\/wp-content\/uploads\/sites\/2\/2022\/06\/WS-Sportident-1536x1153.jpg 1536w, https:\/\/riks.ungoteket.se\/orientering\/wp-content\/uploads\/sites\/2\/2022\/06\/WS-Sportident-2048x1538.jpg 2048w, https:\/\/riks.ungoteket.se\/orientering\/wp-content\/uploads\/sites\/2\/2022\/06\/WS-Sportident-1500x1126.jpg 1500w, https:\/\/riks.ungoteket.se\/orientering\/wp-content\/uploads\/sites\/2\/2022\/06\/WS-Sportident-705x529.jpg 705w\" sizes=\"(max-width: 1030px) 100vw, 1030px\" \/><figcaption class=\"blocks-gallery-item__caption\">WS &#8211; Att hantera  SportIdent f\u00f6r tr\u00e4ning<\/figcaption><\/figure><\/li><li class=\"blocks-gallery-item\"><figure><img loading=\"lazy\" decoding=\"async\" width=\"773\" height=\"1030\" src=\"https:\/\/riks.ungoteket.se\/orientering\/wp-content\/uploads\/sites\/2\/2022\/06\/Utskrifter-banl\u00e4ggning-773x1030.jpg\" alt=\"\" data-id=\"2309\" data-full-url=\"https:\/\/riks.ungoteket.se\/orientering\/wp-content\/uploads\/sites\/2\/2022\/06\/Utskrifter-banl\u00e4ggning-scaled.jpg\" data-link=\"https:\/\/riks.ungoteket.se\/orientering\/utskrifter-banlaggning\/\" class=\"wp-image-2309\" srcset=\"https:\/\/riks.ungoteket.se\/orientering\/wp-content\/uploads\/sites\/2\/2022\/06\/Utskrifter-banl\u00e4ggning-773x1030.jpg 773w, https:\/\/riks.ungoteket.se\/orientering\/wp-content\/uploads\/sites\/2\/2022\/06\/Utskrifter-banl\u00e4ggning-225x300.jpg 225w, https:\/\/riks.ungoteket.se\/orientering\/wp-content\/uploads\/sites\/2\/2022\/06\/Utskrifter-banl\u00e4ggning-768x1024.jpg 768w, https:\/\/riks.ungoteket.se\/orientering\/wp-content\/uploads\/sites\/2\/2022\/06\/Utskrifter-banl\u00e4ggning-1152x1536.jpg 1152w, https:\/\/riks.ungoteket.se\/orientering\/wp-content\/uploads\/sites\/2\/2022\/06\/Utskrifter-banl\u00e4ggning-1536x2048.jpg 1536w, https:\/\/riks.ungoteket.se\/orientering\/wp-content\/uploads\/sites\/2\/2022\/06\/Utskrifter-banl\u00e4ggning-1125x1500.jpg 1125w, https:\/\/riks.ungoteket.se\/orientering\/wp-content\/uploads\/sites\/2\/2022\/06\/Utskrifter-banl\u00e4ggning-529x705.jpg 529w, https:\/\/riks.ungoteket.se\/orientering\/wp-content\/uploads\/sites\/2\/2022\/06\/Utskrifter-banl\u00e4ggning-scaled.jpg 1920w\" sizes=\"(max-width: 773px) 100vw, 773px\" \/><figcaption class=\"blocks-gallery-item__caption\">Utskrifter banl\u00e4ggning<\/figcaption><\/figure><\/li><\/ul><\/figure>\n\n\n\n<p>Efter det bj\u00f6d den ljumma kv\u00e4llen p\u00e5 allt fr\u00e5n bowling till bad och glass. En dr\u00f6mdag i Idre Fj\u00e4ll helt enkelt.<\/p>\n\n\n\n<figure class=\"wp-block-gallery columns-2 is-cropped wp-block-gallery-4 is-layout-flex wp-block-gallery-is-layout-flex\"><ul class=\"blocks-gallery-grid\"><li class=\"blocks-gallery-item\"><figure><img loading=\"lazy\" decoding=\"async\" width=\"773\" height=\"1030\" src=\"https:\/\/riks.ungoteket.se\/orientering\/wp-content\/uploads\/sites\/2\/2022\/06\/Ledarskap-kollar-p\u00e5-sten-773x1030.jpg\" alt=\"\" data-id=\"2299\" data-full-url=\"https:\/\/riks.ungoteket.se\/orientering\/wp-content\/uploads\/sites\/2\/2022\/06\/Ledarskap-kollar-p\u00e5-sten-scaled.jpg\" data-link=\"https:\/\/riks.ungoteket.se\/orientering\/ledarskap-kollar-pa-sten\/\" class=\"wp-image-2299\" srcset=\"https:\/\/riks.ungoteket.se\/orientering\/wp-content\/uploads\/sites\/2\/2022\/06\/Ledarskap-kollar-p\u00e5-sten-773x1030.jpg 773w, https:\/\/riks.ungoteket.se\/orientering\/wp-content\/uploads\/sites\/2\/2022\/06\/Ledarskap-kollar-p\u00e5-sten-225x300.jpg 225w, https:\/\/riks.ungoteket.se\/orientering\/wp-content\/uploads\/sites\/2\/2022\/06\/Ledarskap-kollar-p\u00e5-sten-768x1024.jpg 768w, https:\/\/riks.ungoteket.se\/orientering\/wp-content\/uploads\/sites\/2\/2022\/06\/Ledarskap-kollar-p\u00e5-sten-1152x1536.jpg 1152w, https:\/\/riks.ungoteket.se\/orientering\/wp-content\/uploads\/sites\/2\/2022\/06\/Ledarskap-kollar-p\u00e5-sten-1536x2048.jpg 1536w, https:\/\/riks.ungoteket.se\/orientering\/wp-content\/uploads\/sites\/2\/2022\/06\/Ledarskap-kollar-p\u00e5-sten-1125x1500.jpg 1125w, https:\/\/riks.ungoteket.se\/orientering\/wp-content\/uploads\/sites\/2\/2022\/06\/Ledarskap-kollar-p\u00e5-sten-529x705.jpg 529w, https:\/\/riks.ungoteket.se\/orientering\/wp-content\/uploads\/sites\/2\/2022\/06\/Ledarskap-kollar-p\u00e5-sten-scaled.jpg 1920w\" sizes=\"(max-width: 773px) 100vw, 773px\" \/><figcaption class=\"blocks-gallery-item__caption\">Leka \u00e4r kul! hur m\u00e5nga f\u00e5r plats p\u00e5 en sten?<\/figcaption><\/figure><\/li><li class=\"blocks-gallery-item\"><figure><img loading=\"lazy\" decoding=\"async\" width=\"773\" height=\"1030\" src=\"https:\/\/riks.ungoteket.se\/orientering\/wp-content\/uploads\/sites\/2\/2022\/06\/Bad-i-kv\u00e4llssolen-773x1030.jpg\" alt=\"\" data-id=\"2295\" data-full-url=\"https:\/\/riks.ungoteket.se\/orientering\/wp-content\/uploads\/sites\/2\/2022\/06\/Bad-i-kv\u00e4llssolen-scaled.jpg\" data-link=\"https:\/\/riks.ungoteket.se\/orientering\/bad-i-kvallssolen\/\" class=\"wp-image-2295\" srcset=\"https:\/\/riks.ungoteket.se\/orientering\/wp-content\/uploads\/sites\/2\/2022\/06\/Bad-i-kv\u00e4llssolen-773x1030.jpg 773w, https:\/\/riks.ungoteket.se\/orientering\/wp-content\/uploads\/sites\/2\/2022\/06\/Bad-i-kv\u00e4llssolen-225x300.jpg 225w, https:\/\/riks.ungoteket.se\/orientering\/wp-content\/uploads\/sites\/2\/2022\/06\/Bad-i-kv\u00e4llssolen-768x1024.jpg 768w, https:\/\/riks.ungoteket.se\/orientering\/wp-content\/uploads\/sites\/2\/2022\/06\/Bad-i-kv\u00e4llssolen-1152x1536.jpg 1152w, https:\/\/riks.ungoteket.se\/orientering\/wp-content\/uploads\/sites\/2\/2022\/06\/Bad-i-kv\u00e4llssolen-1536x2048.jpg 1536w, https:\/\/riks.ungoteket.se\/orientering\/wp-content\/uploads\/sites\/2\/2022\/06\/Bad-i-kv\u00e4llssolen-1125x1500.jpg 1125w, https:\/\/riks.ungoteket.se\/orientering\/wp-content\/uploads\/sites\/2\/2022\/06\/Bad-i-kv\u00e4llssolen-529x705.jpg 529w, https:\/\/riks.ungoteket.se\/orientering\/wp-content\/uploads\/sites\/2\/2022\/06\/Bad-i-kv\u00e4llssolen-scaled.jpg 1920w\" sizes=\"(max-width: 773px) 100vw, 773px\" \/><figcaption class=\"blocks-gallery-item__caption\">P\u00e5 v\u00e4g hem fr\u00e5n kv\u00e4llsbadet<\/figcaption><\/figure><\/li><\/ul><\/figure>\n<\/div><span class='post-meta-infos'><time class='date-container minor-meta updated' >30 juni, 2022<\/time><span class='text-sep text-sep-date'>\/<\/span><span class=\"blog-author minor-meta\">av <span class=\"entry-author-link\"  itemprop=\"author\" ><span class=\"author\"><span class=\"fn\"><a href=\"https:\/\/riks.ungoteket.se\/orientering\/author\/ungoteket\/\" title=\"Inl\u00e4gg av ungoteket\" rel=\"author\">ungoteket<\/a><\/span><\/span><\/span><\/span><\/span><footer class=\"entry-footer\"><\/footer><div class='post_delimiter'><\/div><\/div><div class='post_author_timeline'><\/div><span class='hidden'>\n\t\t\t\t<span class='av-structured-data'  itemprop=\"image\" itemscope=\"itemscope\" itemtype=\"https:\/\/schema.org\/ImageObject\" >\n\t\t\t\t\t\t<span itemprop='url'>https:\/\/riks.ungoteket.se\/orientering\/wp-content\/uploads\/sites\/2\/2022\/06\/Efter-t\u00e4vling-scaled.jpg<\/span>\n\t\t\t\t\t\t<span itemprop='height'>1922<\/span>\n\t\t\t\t\t\t<span itemprop='width'>2560<\/span>\n\t\t\t\t<\/span>\n\t\t\t\t<span class='av-structured-data'  itemprop=\"publisher\" itemtype=\"https:\/\/schema.org\/Organization\" itemscope=\"itemscope\" >\n\t\t\t\t\t\t<span itemprop='name'>ungoteket<\/span>\n\t\t\t\t\t\t<span itemprop='logo' itemscope itemtype='https:\/\/schema.org\/ImageObject'>\n\t\t\t\t\t\t\t<span itemprop='url'>https:\/\/riks.ungoteket.se\/orientering\/wp-content\/uploads\/sites\/2\/2019\/05\/Ungoteket_webblogoV3.png<\/span>\n\t\t\t\t\t\t <\/span>\n\t\t\t\t<\/span><span class='av-structured-data'  itemprop=\"author\" itemscope=\"itemscope\" itemtype=\"https:\/\/schema.org\/Person\" ><span itemprop='name'>ungoteket<\/span><\/span><span class='av-structured-data'  itemprop=\"datePublished\" datetime=\"2022-06-30T00:30:41+02:00\" >2022-06-30 00:30:41<\/span><span class='av-structured-data'  itemprop=\"dateModified\" itemtype=\"https:\/\/schema.org\/dateModified\" >2022-06-30 00:30:45<\/span><span class='av-structured-data'  itemprop=\"mainEntityOfPage\" itemtype=\"https:\/\/schema.org\/mainEntityOfPage\" ><span itemprop='name'>Rapport fr\u00e5n U25-camp onsdag<\/span><\/span><\/span><\/article><article class='post-entry post-entry-type-standard post-entry-2276 post-loop-2 post-parity-even single-big with-slider post-2276 post type-post status-publish format-standard has-post-thumbnail hentry category-okategoriserade'  itemscope=\"itemscope\" itemtype=\"https:\/\/schema.org\/BlogPosting\" ><div class='blog-meta'><\/div><div class='entry-content-wrapper clearfix standard-content'><header class=\"entry-content-header\"><div class=\"av-heading-wrapper\"><span class=\"blog-categories minor-meta\"><a href=\"https:\/\/riks.ungoteket.se\/orientering\/category\/okategoriserade\/\" rel=\"tag\">Okategoriserade<\/a> <\/span><h2 class='post-title entry-title '  itemprop=\"headline\" >\t<a href='https:\/\/riks.ungoteket.se\/orientering\/2022\/06\/28\/rapport-fran-u25-camp-tisdag\/' rel='bookmark' title='Permanent l\u00e4nk: Rapport fr\u00e5n U25-camp tisdag'>Rapport fr\u00e5n U25-camp tisdag\t\t\t<span class='post-format-icon minor-meta'><\/span>\t<\/a><\/h2><\/div><\/header><span class=\"av-vertical-delimiter\"><\/span><div class=\"big-preview single-big\"  itemprop=\"image\" itemscope=\"itemscope\" itemtype=\"https:\/\/schema.org\/ImageObject\" ><a href=\"https:\/\/riks.ungoteket.se\/orientering\/2022\/06\/28\/rapport-fran-u25-camp-tisdag\/\"  title=\"U25-camp downhill\" ><img loading=\"lazy\" decoding=\"async\" width=\"1210\" height=\"423\" src=\"https:\/\/riks.ungoteket.se\/orientering\/wp-content\/uploads\/sites\/2\/2022\/06\/U25-camp-downhill-1210x423.jpg\" class=\"wp-image-2277 avia-img-lazy-loading-2277 attachment-entry_without_sidebar size-entry_without_sidebar wp-post-image\" alt=\"\" \/><\/a><\/div><div class=\"entry-content\"  itemprop=\"text\" >\n<p>F\u00f6r att undvika dagens v\u00e4rsta regnov\u00e4der s\u00e5 tr\u00e4nades det p\u00e5 f\u00f6rmiddagen idag. N\u00e5gra deltagare k\u00f6rde f\u00f6renklings\u00f6vningen, n\u00e5gra andra brunbilds\u00f6vningen medans n\u00e5gra andra k\u00f6rde sluttningsorienteringen respektive downhill-OL. Gemensamt f\u00f6r alla deltagarna verkade vara att alla hade bommat minst en g\u00e5ng p\u00e5 banan. Men efter intensiva kartdiskussioner och bananalyser s\u00e5 gick bilarna hem\u00e5t f\u00f6r dusch innan lunchen.\u00a0<\/p>\n\n\n\n<figure class=\"wp-block-gallery columns-3 is-cropped wp-block-gallery-5 is-layout-flex wp-block-gallery-is-layout-flex\"><ul class=\"blocks-gallery-grid\"><li class=\"blocks-gallery-item\"><figure><img loading=\"lazy\" decoding=\"async\" width=\"773\" height=\"1030\" src=\"https:\/\/riks.ungoteket.se\/orientering\/wp-content\/uploads\/sites\/2\/2022\/06\/Tr\u00e4ning-U25-camp-773x1030.jpg\" alt=\"\" data-id=\"2283\" data-link=\"https:\/\/riks.ungoteket.se\/orientering\/traning-u25-camp\/\" class=\"wp-image-2283\" srcset=\"https:\/\/riks.ungoteket.se\/orientering\/wp-content\/uploads\/sites\/2\/2022\/06\/Tr\u00e4ning-U25-camp-773x1030.jpg 773w, https:\/\/riks.ungoteket.se\/orientering\/wp-content\/uploads\/sites\/2\/2022\/06\/Tr\u00e4ning-U25-camp-225x300.jpg 225w, https:\/\/riks.ungoteket.se\/orientering\/wp-content\/uploads\/sites\/2\/2022\/06\/Tr\u00e4ning-U25-camp-768x1024.jpg 768w, https:\/\/riks.ungoteket.se\/orientering\/wp-content\/uploads\/sites\/2\/2022\/06\/Tr\u00e4ning-U25-camp-1152x1536.jpg 1152w, https:\/\/riks.ungoteket.se\/orientering\/wp-content\/uploads\/sites\/2\/2022\/06\/Tr\u00e4ning-U25-camp-1536x2048.jpg 1536w, https:\/\/riks.ungoteket.se\/orientering\/wp-content\/uploads\/sites\/2\/2022\/06\/Tr\u00e4ning-U25-camp-1125x1500.jpg 1125w, https:\/\/riks.ungoteket.se\/orientering\/wp-content\/uploads\/sites\/2\/2022\/06\/Tr\u00e4ning-U25-camp-529x705.jpg 529w, https:\/\/riks.ungoteket.se\/orientering\/wp-content\/uploads\/sites\/2\/2022\/06\/Tr\u00e4ning-U25-camp-scaled.jpg 1920w\" sizes=\"(max-width: 773px) 100vw, 773px\" \/><\/figure><\/li><li class=\"blocks-gallery-item\"><figure><img loading=\"lazy\" decoding=\"async\" width=\"1030\" height=\"773\" src=\"https:\/\/riks.ungoteket.se\/orientering\/wp-content\/uploads\/sites\/2\/2022\/06\/Regntunga-skyar-\u00f6ver-Idre-Fj\u00e4ll-1030x773.jpg\" alt=\"\" data-id=\"2282\" data-link=\"https:\/\/riks.ungoteket.se\/orientering\/regntunga-skyar-over-idre-fjall\/\" class=\"wp-image-2282\" srcset=\"https:\/\/riks.ungoteket.se\/orientering\/wp-content\/uploads\/sites\/2\/2022\/06\/Regntunga-skyar-\u00f6ver-Idre-Fj\u00e4ll-1030x773.jpg 1030w, https:\/\/riks.ungoteket.se\/orientering\/wp-content\/uploads\/sites\/2\/2022\/06\/Regntunga-skyar-\u00f6ver-Idre-Fj\u00e4ll-300x225.jpg 300w, https:\/\/riks.ungoteket.se\/orientering\/wp-content\/uploads\/sites\/2\/2022\/06\/Regntunga-skyar-\u00f6ver-Idre-Fj\u00e4ll-768x576.jpg 768w, https:\/\/riks.ungoteket.se\/orientering\/wp-content\/uploads\/sites\/2\/2022\/06\/Regntunga-skyar-\u00f6ver-Idre-Fj\u00e4ll-705x529.jpg 705w, https:\/\/riks.ungoteket.se\/orientering\/wp-content\/uploads\/sites\/2\/2022\/06\/Regntunga-skyar-\u00f6ver-Idre-Fj\u00e4ll.jpg 1440w\" sizes=\"(max-width: 1030px) 100vw, 1030px\" \/><\/figure><\/li><li class=\"blocks-gallery-item\"><figure><img loading=\"lazy\" decoding=\"async\" width=\"773\" height=\"1030\" src=\"https:\/\/riks.ungoteket.se\/orientering\/wp-content\/uploads\/sites\/2\/2022\/06\/Privilige-walk-2-773x1030.jpg\" alt=\"\" data-id=\"2281\" data-link=\"https:\/\/riks.ungoteket.se\/orientering\/privilige-walk-2\/\" class=\"wp-image-2281\" srcset=\"https:\/\/riks.ungoteket.se\/orientering\/wp-content\/uploads\/sites\/2\/2022\/06\/Privilige-walk-2-773x1030.jpg 773w, https:\/\/riks.ungoteket.se\/orientering\/wp-content\/uploads\/sites\/2\/2022\/06\/Privilige-walk-2-225x300.jpg 225w, https:\/\/riks.ungoteket.se\/orientering\/wp-content\/uploads\/sites\/2\/2022\/06\/Privilige-walk-2-768x1024.jpg 768w, https:\/\/riks.ungoteket.se\/orientering\/wp-content\/uploads\/sites\/2\/2022\/06\/Privilige-walk-2-1152x1536.jpg 1152w, https:\/\/riks.ungoteket.se\/orientering\/wp-content\/uploads\/sites\/2\/2022\/06\/Privilige-walk-2-1536x2048.jpg 1536w, https:\/\/riks.ungoteket.se\/orientering\/wp-content\/uploads\/sites\/2\/2022\/06\/Privilige-walk-2-1125x1500.jpg 1125w, https:\/\/riks.ungoteket.se\/orientering\/wp-content\/uploads\/sites\/2\/2022\/06\/Privilige-walk-2-529x705.jpg 529w, https:\/\/riks.ungoteket.se\/orientering\/wp-content\/uploads\/sites\/2\/2022\/06\/Privilige-walk-2-scaled.jpg 1920w\" sizes=\"(max-width: 773px) 100vw, 773px\" \/><\/figure><\/li><li class=\"blocks-gallery-item\"><figure><img loading=\"lazy\" decoding=\"async\" width=\"773\" height=\"1030\" src=\"https:\/\/riks.ungoteket.se\/orientering\/wp-content\/uploads\/sites\/2\/2022\/06\/Idrottsr\u00f6relsen-773x1030.jpg\" alt=\"\" data-id=\"2280\" data-link=\"https:\/\/riks.ungoteket.se\/orientering\/rpt\/\" class=\"wp-image-2280\" srcset=\"https:\/\/riks.ungoteket.se\/orientering\/wp-content\/uploads\/sites\/2\/2022\/06\/Idrottsr\u00f6relsen-773x1030.jpg 773w, https:\/\/riks.ungoteket.se\/orientering\/wp-content\/uploads\/sites\/2\/2022\/06\/Idrottsr\u00f6relsen-225x300.jpg 225w, https:\/\/riks.ungoteket.se\/orientering\/wp-content\/uploads\/sites\/2\/2022\/06\/Idrottsr\u00f6relsen-768x1024.jpg 768w, https:\/\/riks.ungoteket.se\/orientering\/wp-content\/uploads\/sites\/2\/2022\/06\/Idrottsr\u00f6relsen-1152x1536.jpg 1152w, https:\/\/riks.ungoteket.se\/orientering\/wp-content\/uploads\/sites\/2\/2022\/06\/Idrottsr\u00f6relsen-1536x2048.jpg 1536w, https:\/\/riks.ungoteket.se\/orientering\/wp-content\/uploads\/sites\/2\/2022\/06\/Idrottsr\u00f6relsen-1125x1500.jpg 1125w, https:\/\/riks.ungoteket.se\/orientering\/wp-content\/uploads\/sites\/2\/2022\/06\/Idrottsr\u00f6relsen-529x705.jpg 529w, https:\/\/riks.ungoteket.se\/orientering\/wp-content\/uploads\/sites\/2\/2022\/06\/Idrottsr\u00f6relsen-scaled.jpg 1920w\" sizes=\"(max-width: 773px) 100vw, 773px\" \/><\/figure><\/li><li class=\"blocks-gallery-item\"><figure><img loading=\"lazy\" decoding=\"async\" width=\"773\" height=\"1030\" src=\"https:\/\/riks.ungoteket.se\/orientering\/wp-content\/uploads\/sites\/2\/2022\/06\/Idrottsr\u00f6relsen-1-773x1030.jpg\" alt=\"\" data-id=\"2279\" data-link=\"https:\/\/riks.ungoteket.se\/orientering\/idrottsrorelsen-1\/\" class=\"wp-image-2279\" srcset=\"https:\/\/riks.ungoteket.se\/orientering\/wp-content\/uploads\/sites\/2\/2022\/06\/Idrottsr\u00f6relsen-1-773x1030.jpg 773w, https:\/\/riks.ungoteket.se\/orientering\/wp-content\/uploads\/sites\/2\/2022\/06\/Idrottsr\u00f6relsen-1-225x300.jpg 225w, https:\/\/riks.ungoteket.se\/orientering\/wp-content\/uploads\/sites\/2\/2022\/06\/Idrottsr\u00f6relsen-1-768x1024.jpg 768w, https:\/\/riks.ungoteket.se\/orientering\/wp-content\/uploads\/sites\/2\/2022\/06\/Idrottsr\u00f6relsen-1-1152x1536.jpg 1152w, https:\/\/riks.ungoteket.se\/orientering\/wp-content\/uploads\/sites\/2\/2022\/06\/Idrottsr\u00f6relsen-1-1536x2048.jpg 1536w, https:\/\/riks.ungoteket.se\/orientering\/wp-content\/uploads\/sites\/2\/2022\/06\/Idrottsr\u00f6relsen-1-1125x1500.jpg 1125w, https:\/\/riks.ungoteket.se\/orientering\/wp-content\/uploads\/sites\/2\/2022\/06\/Idrottsr\u00f6relsen-1-529x705.jpg 529w, https:\/\/riks.ungoteket.se\/orientering\/wp-content\/uploads\/sites\/2\/2022\/06\/Idrottsr\u00f6relsen-1-scaled.jpg 1920w\" sizes=\"(max-width: 773px) 100vw, 773px\" \/><\/figure><\/li><li class=\"blocks-gallery-item\"><figure><img loading=\"lazy\" decoding=\"async\" width=\"773\" height=\"1030\" src=\"https:\/\/riks.ungoteket.se\/orientering\/wp-content\/uploads\/sites\/2\/2022\/06\/Banl\u00e4ggning-f\u00e4rger-773x1030.jpg\" alt=\"\" data-id=\"2287\" data-full-url=\"https:\/\/riks.ungoteket.se\/orientering\/wp-content\/uploads\/sites\/2\/2022\/06\/Banl\u00e4ggning-f\u00e4rger-scaled.jpg\" data-link=\"https:\/\/riks.ungoteket.se\/orientering\/?attachment_id=2287\" class=\"wp-image-2287\" srcset=\"https:\/\/riks.ungoteket.se\/orientering\/wp-content\/uploads\/sites\/2\/2022\/06\/Banl\u00e4ggning-f\u00e4rger-773x1030.jpg 773w, https:\/\/riks.ungoteket.se\/orientering\/wp-content\/uploads\/sites\/2\/2022\/06\/Banl\u00e4ggning-f\u00e4rger-225x300.jpg 225w, https:\/\/riks.ungoteket.se\/orientering\/wp-content\/uploads\/sites\/2\/2022\/06\/Banl\u00e4ggning-f\u00e4rger-768x1024.jpg 768w, https:\/\/riks.ungoteket.se\/orientering\/wp-content\/uploads\/sites\/2\/2022\/06\/Banl\u00e4ggning-f\u00e4rger-1152x1536.jpg 1152w, https:\/\/riks.ungoteket.se\/orientering\/wp-content\/uploads\/sites\/2\/2022\/06\/Banl\u00e4ggning-f\u00e4rger-1536x2048.jpg 1536w, https:\/\/riks.ungoteket.se\/orientering\/wp-content\/uploads\/sites\/2\/2022\/06\/Banl\u00e4ggning-f\u00e4rger-1125x1500.jpg 1125w, https:\/\/riks.ungoteket.se\/orientering\/wp-content\/uploads\/sites\/2\/2022\/06\/Banl\u00e4ggning-f\u00e4rger-529x705.jpg 529w, https:\/\/riks.ungoteket.se\/orientering\/wp-content\/uploads\/sites\/2\/2022\/06\/Banl\u00e4ggning-f\u00e4rger-scaled.jpg 1920w\" sizes=\"(max-width: 773px) 100vw, 773px\" \/><\/figure><\/li><\/ul><\/figure>\n\n\n\n<p>Banl\u00e4ggarna\nfokuserade idag p\u00e5 f\u00e4rgskalan och diskuterade hur v\u00e4l olika str\u00e4ckor egentligen\nf\u00f6ljde till\u00e5tna kartl\u00e4snings- och v\u00e4gvalsmoment f\u00f6r respektive f\u00e4rg. Deltagarna\nl\u00e4rde sig \u00e4ven om vikten av att banan faktiskt \u00e4r s\u00e5 sv\u00e5r som f\u00e4rgen till\u00e5ter.\nEfter detta b\u00f6rjade deltagarna att l\u00e4gga en egen bana som senare i vecka ska\nprovl\u00f6pas och kontrolleras av en annan deltagare som agerar bankontrollant.<\/p>\n\n\n\n<p>Kartritarna b\u00f6rjade dagen med sista passet rekognosering och ritning i terr\u00e4ngen. Skogen bj\u00f6d b\u00e5de p\u00e5 mygg och knott, kanske n\u00e5got man som kartritare f\u00e5r v\u00e4nja sig vid. Dagens diskussion f\u00f6r kartritarna kretsade kring skillnaden mellan surdrag och k\u00e4rr. P\u00e5 eftermiddagen f\u00e4rdigst\u00e4lldes kartorna och kartritarna som b\u00f6rjade sin utbildning i f\u00f6rv\u00e4g \u00e4r nu f\u00e4rdiga med sin utbildning!<\/p>\n\n\n\n<p>Deltagarna\np\u00e5 barntr\u00e4narutbildningen har idag pratat om hur idrottsr\u00f6relsen i Sverige \u00e4r\nuppbyggd, hur barn inte \u00e4r sm\u00e5 vuxna och dom har \u00e4ven reflekterat kring\nnormmedveten och inkluderande idrott. M\u00e5nga stora fr\u00e5gor d\u00e4r det\nf\u00f6rhoppningsvis s\u00e5ddes n\u00e5got fr\u00f6 inf\u00f6r framtiden.&nbsp;<\/p>\n\n\n\n<p>Dagens\nutbildningsdel avslutades med att alla var med p\u00e5 \u00f6vningen Privilege Walk, en\n\u00f6vning d\u00e4r man belyser och uppm\u00e4rksammar normer som vi har b\u00e5de inom idrotten\nmen ocks\u00e5 inom samh\u00e4llet i stort. Deltagarna st\u00e4llde \u00f6ppenhj\u00e4rtligt upp p\u00e5\n\u00f6vningen, st\u00e4llde fr\u00e5gor och gjorde sitt b\u00e4sta!<\/p>\n\n\n\n<p>Kv\u00e4llen\nasvlutade givetvis med knock-out sprinten fr\u00e5n VM p\u00e5 storbild!<\/p>\n\n\n\n<figure class=\"wp-block-image size-large\"><img loading=\"lazy\" decoding=\"async\" width=\"1030\" height=\"773\" src=\"https:\/\/riks.ungoteket.se\/orientering\/wp-content\/uploads\/sites\/2\/2022\/06\/VM-Knockout-sprinten-1-1030x773.jpg\" alt=\"\" class=\"wp-image-2286\" srcset=\"https:\/\/riks.ungoteket.se\/orientering\/wp-content\/uploads\/sites\/2\/2022\/06\/VM-Knockout-sprinten-1-1030x773.jpg 1030w, https:\/\/riks.ungoteket.se\/orientering\/wp-content\/uploads\/sites\/2\/2022\/06\/VM-Knockout-sprinten-1-300x225.jpg 300w, https:\/\/riks.ungoteket.se\/orientering\/wp-content\/uploads\/sites\/2\/2022\/06\/VM-Knockout-sprinten-1-768x576.jpg 768w, https:\/\/riks.ungoteket.se\/orientering\/wp-content\/uploads\/sites\/2\/2022\/06\/VM-Knockout-sprinten-1-1536x1152.jpg 1536w, https:\/\/riks.ungoteket.se\/orientering\/wp-content\/uploads\/sites\/2\/2022\/06\/VM-Knockout-sprinten-1-2048x1536.jpg 2048w, https:\/\/riks.ungoteket.se\/orientering\/wp-content\/uploads\/sites\/2\/2022\/06\/VM-Knockout-sprinten-1-1500x1125.jpg 1500w, https:\/\/riks.ungoteket.se\/orientering\/wp-content\/uploads\/sites\/2\/2022\/06\/VM-Knockout-sprinten-1-705x529.jpg 705w\" sizes=\"(max-width: 1030px) 100vw, 1030px\" \/><\/figure>\n<\/div><span class='post-meta-infos'><time class='date-container minor-meta updated' >28 juni, 2022<\/time><span class='text-sep text-sep-date'>\/<\/span><span class=\"blog-author minor-meta\">av <span class=\"entry-author-link\"  itemprop=\"author\" ><span class=\"author\"><span class=\"fn\"><a href=\"https:\/\/riks.ungoteket.se\/orientering\/author\/ungoteket\/\" title=\"Inl\u00e4gg av ungoteket\" rel=\"author\">ungoteket<\/a><\/span><\/span><\/span><\/span><\/span><footer class=\"entry-footer\"><\/footer><div class='post_delimiter'><\/div><\/div><div class='post_author_timeline'><\/div><span class='hidden'>\n\t\t\t\t<span class='av-structured-data'  itemprop=\"image\" itemscope=\"itemscope\" itemtype=\"https:\/\/schema.org\/ImageObject\" >\n\t\t\t\t\t\t<span itemprop='url'>https:\/\/riks.ungoteket.se\/orientering\/wp-content\/uploads\/sites\/2\/2022\/06\/U25-camp-downhill-scaled.jpg<\/span>\n\t\t\t\t\t\t<span itemprop='height'>1920<\/span>\n\t\t\t\t\t\t<span itemprop='width'>2560<\/span>\n\t\t\t\t<\/span>\n\t\t\t\t<span class='av-structured-data'  itemprop=\"publisher\" itemtype=\"https:\/\/schema.org\/Organization\" itemscope=\"itemscope\" >\n\t\t\t\t\t\t<span itemprop='name'>ungoteket<\/span>\n\t\t\t\t\t\t<span itemprop='logo' itemscope itemtype='https:\/\/schema.org\/ImageObject'>\n\t\t\t\t\t\t\t<span itemprop='url'>https:\/\/riks.ungoteket.se\/orientering\/wp-content\/uploads\/sites\/2\/2019\/05\/Ungoteket_webblogoV3.png<\/span>\n\t\t\t\t\t\t <\/span>\n\t\t\t\t<\/span><span class='av-structured-data'  itemprop=\"author\" itemscope=\"itemscope\" itemtype=\"https:\/\/schema.org\/Person\" ><span itemprop='name'>ungoteket<\/span><\/span><span class='av-structured-data'  itemprop=\"datePublished\" datetime=\"2022-06-28T23:01:09+02:00\" >2022-06-28 23:01:09<\/span><span class='av-structured-data'  itemprop=\"dateModified\" itemtype=\"https:\/\/schema.org\/dateModified\" >2022-06-28 23:07:55<\/span><span class='av-structured-data'  itemprop=\"mainEntityOfPage\" itemtype=\"https:\/\/schema.org\/mainEntityOfPage\" ><span itemprop='name'>Rapport fr\u00e5n U25-camp tisdag<\/span><\/span><\/span><\/article><article class='post-entry post-entry-type-standard post-entry-2273 post-loop-3 post-parity-odd post-entry-last single-big with-slider post-2273 post type-post status-publish format-standard has-post-thumbnail hentry category-okategoriserade'  itemscope=\"itemscope\" itemtype=\"https:\/\/schema.org\/BlogPosting\" ><div class='blog-meta'><\/div><div class='entry-content-wrapper clearfix standard-content'><header class=\"entry-content-header\"><div class=\"av-heading-wrapper\"><span class=\"blog-categories minor-meta\"><a href=\"https:\/\/riks.ungoteket.se\/orientering\/category\/okategoriserade\/\" rel=\"tag\">Okategoriserade<\/a> <\/span><h2 class='post-title entry-title '  itemprop=\"headline\" >\t<a href='https:\/\/riks.ungoteket.se\/orientering\/2022\/06\/27\/rapport-fran-u25-camp-mandag\/' rel='bookmark' title='Permanent l\u00e4nk: Rapport fr\u00e5n U25-camp m\u00e5ndag'>Rapport fr\u00e5n U25-camp m\u00e5ndag\t\t\t<span class='post-format-icon minor-meta'><\/span>\t<\/a><\/h2><\/div><\/header><span class=\"av-vertical-delimiter\"><\/span><div class=\"big-preview single-big\"  itemprop=\"image\" itemscope=\"itemscope\" itemtype=\"https:\/\/schema.org\/ImageObject\" ><a href=\"https:\/\/riks.ungoteket.se\/orientering\/2022\/06\/27\/rapport-fran-u25-camp-mandag\/\"  title=\"P\u00e5 fj\u00e4ll\u00e5ngdistans\" ><img loading=\"lazy\" decoding=\"async\" width=\"1210\" height=\"423\" src=\"https:\/\/riks.ungoteket.se\/orientering\/wp-content\/uploads\/sites\/2\/2022\/06\/P\u00e5-fj\u00e4ll\u00e5ngdistans-1210x423.jpg\" class=\"wp-image-2270 avia-img-lazy-loading-2270 attachment-entry_without_sidebar size-entry_without_sidebar wp-post-image\" alt=\"\" \/><\/a><\/div><div class=\"entry-content\"  itemprop=\"text\" >\n<p>F\u00f6rsta \u201driktiga\u201d dagen p\u00e5 l\u00e4gret! Nu har vi alla kommit p\u00e5 plats och kommit in i l\u00e4gerschemat. Medan n\u00e5gra tr\u00e4nade p\u00e5 morgonen (alpinmoment var popul\u00e4rt har vi h\u00f6rt) s\u00e5 drog andra ig\u00e5ng sina utbildningssp\u00e5r.<\/p>\n\n\n\n<p>Banl\u00e4ggningsutbildningen drog ig\u00e5ng och gick igenom vad en\nbanl\u00e4ggare egentligen g\u00f6r. F\u00f6rutom sj\u00e4lva banl\u00e4ggandet s\u00e5 \u00e4r det ju ocks\u00e5\nbest\u00e4lla kartor, information till PM, information till starten\u2026 Ja, ni m\u00e4rker,\ndet blir snabbt mycket! Dessutom hann de g\u00e5 igenom distansernas s\u00e4rarter, och\nhur olika typer av str\u00e4ckor spelar roll i banl\u00e4ggningen.<\/p>\n\n\n\n<figure class=\"wp-block-image size-large\"><img loading=\"lazy\" decoding=\"async\" width=\"1030\" height=\"773\" src=\"https:\/\/riks.ungoteket.se\/orientering\/wp-content\/uploads\/sites\/2\/2022\/06\/Banl\u00e4ggning-klassrum-1030x773.jpg\" alt=\"\" class=\"wp-image-2267\" srcset=\"https:\/\/riks.ungoteket.se\/orientering\/wp-content\/uploads\/sites\/2\/2022\/06\/Banl\u00e4ggning-klassrum-1030x773.jpg 1030w, https:\/\/riks.ungoteket.se\/orientering\/wp-content\/uploads\/sites\/2\/2022\/06\/Banl\u00e4ggning-klassrum-300x225.jpg 300w, https:\/\/riks.ungoteket.se\/orientering\/wp-content\/uploads\/sites\/2\/2022\/06\/Banl\u00e4ggning-klassrum-768x577.jpg 768w, https:\/\/riks.ungoteket.se\/orientering\/wp-content\/uploads\/sites\/2\/2022\/06\/Banl\u00e4ggning-klassrum-1536x1153.jpg 1536w, https:\/\/riks.ungoteket.se\/orientering\/wp-content\/uploads\/sites\/2\/2022\/06\/Banl\u00e4ggning-klassrum-2048x1538.jpg 2048w, https:\/\/riks.ungoteket.se\/orientering\/wp-content\/uploads\/sites\/2\/2022\/06\/Banl\u00e4ggning-klassrum-1500x1126.jpg 1500w, https:\/\/riks.ungoteket.se\/orientering\/wp-content\/uploads\/sites\/2\/2022\/06\/Banl\u00e4ggning-klassrum-705x529.jpg 705w\" sizes=\"(max-width: 1030px) 100vw, 1030px\" \/><figcaption>Banl\u00e4ggning klassrum<\/figcaption><\/figure>\n\n\n\n<p>Ledarskapsutbildningen har b\u00f6rjat med att g\u00e5 igenom vad\nledarbegreppet egentligen betyder och vem som \u00e4r en ledare. Vi hann med att\nprata lite om vikten av kommunikation, och s\u00e5 hann vi leka tillsammans med\nn\u00e5gra ungdomar fr\u00e5n Idrefj\u00e4llveckans arrang\u00f6rer!<\/p>\n\n\n\n<figure class=\"wp-block-image size-large\"><img loading=\"lazy\" decoding=\"async\" width=\"1030\" height=\"773\" src=\"https:\/\/riks.ungoteket.se\/orientering\/wp-content\/uploads\/sites\/2\/2022\/06\/Ledarskap-att-leda-en-lek-1030x773.jpg\" alt=\"\" class=\"wp-image-2268\" srcset=\"https:\/\/riks.ungoteket.se\/orientering\/wp-content\/uploads\/sites\/2\/2022\/06\/Ledarskap-att-leda-en-lek-1030x773.jpg 1030w, https:\/\/riks.ungoteket.se\/orientering\/wp-content\/uploads\/sites\/2\/2022\/06\/Ledarskap-att-leda-en-lek-300x225.jpg 300w, https:\/\/riks.ungoteket.se\/orientering\/wp-content\/uploads\/sites\/2\/2022\/06\/Ledarskap-att-leda-en-lek-768x577.jpg 768w, https:\/\/riks.ungoteket.se\/orientering\/wp-content\/uploads\/sites\/2\/2022\/06\/Ledarskap-att-leda-en-lek-1536x1153.jpg 1536w, https:\/\/riks.ungoteket.se\/orientering\/wp-content\/uploads\/sites\/2\/2022\/06\/Ledarskap-att-leda-en-lek-2048x1538.jpg 2048w, https:\/\/riks.ungoteket.se\/orientering\/wp-content\/uploads\/sites\/2\/2022\/06\/Ledarskap-att-leda-en-lek-1500x1126.jpg 1500w, https:\/\/riks.ungoteket.se\/orientering\/wp-content\/uploads\/sites\/2\/2022\/06\/Ledarskap-att-leda-en-lek-705x529.jpg 705w\" sizes=\"(max-width: 1030px) 100vw, 1030px\" \/><figcaption>Ledarskap att leda en lek<\/figcaption><\/figure>\n\n\n\n<p>Kartritarutbildningen, som redan hade tjuvstartat med n\u00e5gra\ndigitala tr\u00e4ffar, gick ut i f\u00e4lt och p\u00e5b\u00f6rjade kartering. Det blev diskussioner\nom h\u00f6jdkurvor och uppv\u00e4xande hyggen, bland annat. Och s\u00e5 har vi l\u00e4rt oss att det\n\u00e4r viktigt att kl\u00e4 sig ordentligt mot mygg, knott, bromsar och andra mindre\ntrevliga sm\u00e5djur\u2026<\/p>\n\n\n\n<figure class=\"wp-block-image size-large\"><img loading=\"lazy\" decoding=\"async\" width=\"1030\" height=\"773\" src=\"https:\/\/riks.ungoteket.se\/orientering\/wp-content\/uploads\/sites\/2\/2022\/06\/Kartritning-i-f\u00e4lt-1030x773.jpg\" alt=\"\" class=\"wp-image-2272\" srcset=\"https:\/\/riks.ungoteket.se\/orientering\/wp-content\/uploads\/sites\/2\/2022\/06\/Kartritning-i-f\u00e4lt-1030x773.jpg 1030w, https:\/\/riks.ungoteket.se\/orientering\/wp-content\/uploads\/sites\/2\/2022\/06\/Kartritning-i-f\u00e4lt-300x225.jpg 300w, https:\/\/riks.ungoteket.se\/orientering\/wp-content\/uploads\/sites\/2\/2022\/06\/Kartritning-i-f\u00e4lt-768x576.jpg 768w, https:\/\/riks.ungoteket.se\/orientering\/wp-content\/uploads\/sites\/2\/2022\/06\/Kartritning-i-f\u00e4lt-1536x1152.jpg 1536w, https:\/\/riks.ungoteket.se\/orientering\/wp-content\/uploads\/sites\/2\/2022\/06\/Kartritning-i-f\u00e4lt-2048x1536.jpg 2048w, https:\/\/riks.ungoteket.se\/orientering\/wp-content\/uploads\/sites\/2\/2022\/06\/Kartritning-i-f\u00e4lt-1500x1125.jpg 1500w, https:\/\/riks.ungoteket.se\/orientering\/wp-content\/uploads\/sites\/2\/2022\/06\/Kartritning-i-f\u00e4lt-705x529.jpg 705w\" sizes=\"(max-width: 1030px) 100vw, 1030px\" \/><figcaption>Kartritning i f\u00e4lt<\/figcaption><\/figure>\n\n\n\n<p>P\u00e5 eftermiddagen k\u00f6rde vi alla fj\u00e4ll-OL p\u00e5 underbara\nNipfj\u00e4llet. Lite annalkande \u00e5ska skapade lite oro, men den slapp vi!<\/p>\n\n\n\n<figure class=\"wp-block-image size-large\"><img loading=\"lazy\" decoding=\"async\" width=\"1030\" height=\"773\" src=\"https:\/\/riks.ungoteket.se\/orientering\/wp-content\/uploads\/sites\/2\/2022\/06\/P\u00e5-v\u00e4g-ut-p\u00e5-fj\u00e4ll\u00e5ngdistans-1-1030x773.jpg\" alt=\"\" class=\"wp-image-2271\" srcset=\"https:\/\/riks.ungoteket.se\/orientering\/wp-content\/uploads\/sites\/2\/2022\/06\/P\u00e5-v\u00e4g-ut-p\u00e5-fj\u00e4ll\u00e5ngdistans-1-1030x773.jpg 1030w, https:\/\/riks.ungoteket.se\/orientering\/wp-content\/uploads\/sites\/2\/2022\/06\/P\u00e5-v\u00e4g-ut-p\u00e5-fj\u00e4ll\u00e5ngdistans-1-300x225.jpg 300w, https:\/\/riks.ungoteket.se\/orientering\/wp-content\/uploads\/sites\/2\/2022\/06\/P\u00e5-v\u00e4g-ut-p\u00e5-fj\u00e4ll\u00e5ngdistans-1-768x577.jpg 768w, https:\/\/riks.ungoteket.se\/orientering\/wp-content\/uploads\/sites\/2\/2022\/06\/P\u00e5-v\u00e4g-ut-p\u00e5-fj\u00e4ll\u00e5ngdistans-1-1536x1153.jpg 1536w, https:\/\/riks.ungoteket.se\/orientering\/wp-content\/uploads\/sites\/2\/2022\/06\/P\u00e5-v\u00e4g-ut-p\u00e5-fj\u00e4ll\u00e5ngdistans-1-2048x1538.jpg 2048w, https:\/\/riks.ungoteket.se\/orientering\/wp-content\/uploads\/sites\/2\/2022\/06\/P\u00e5-v\u00e4g-ut-p\u00e5-fj\u00e4ll\u00e5ngdistans-1-1500x1126.jpg 1500w, https:\/\/riks.ungoteket.se\/orientering\/wp-content\/uploads\/sites\/2\/2022\/06\/P\u00e5-v\u00e4g-ut-p\u00e5-fj\u00e4ll\u00e5ngdistans-1-705x529.jpg 705w\" sizes=\"(max-width: 1030px) 100vw, 1030px\" \/><figcaption>P\u00e5 v\u00e4g ut p\u00e5 fj\u00e4ll\u00e5ngdistans<\/figcaption><\/figure>\n\n\n\n<p>Kv\u00e4llsaktiviteten bj\u00f6d p\u00e5 OCAD-workshop d\u00e4r man fick l\u00e4ra sig tips f\u00f6r bra tekniktr\u00e4ningar!<\/p>\n\n\n\n<figure class=\"wp-block-image size-large\"><img loading=\"lazy\" decoding=\"async\" width=\"1030\" height=\"773\" src=\"https:\/\/riks.ungoteket.se\/orientering\/wp-content\/uploads\/sites\/2\/2022\/06\/WS-OCAD-tips-trix-1030x773.jpg\" alt=\"\" class=\"wp-image-2266\" srcset=\"https:\/\/riks.ungoteket.se\/orientering\/wp-content\/uploads\/sites\/2\/2022\/06\/WS-OCAD-tips-trix-1030x773.jpg 1030w, https:\/\/riks.ungoteket.se\/orientering\/wp-content\/uploads\/sites\/2\/2022\/06\/WS-OCAD-tips-trix-300x225.jpg 300w, https:\/\/riks.ungoteket.se\/orientering\/wp-content\/uploads\/sites\/2\/2022\/06\/WS-OCAD-tips-trix-768x577.jpg 768w, https:\/\/riks.ungoteket.se\/orientering\/wp-content\/uploads\/sites\/2\/2022\/06\/WS-OCAD-tips-trix-1536x1153.jpg 1536w, https:\/\/riks.ungoteket.se\/orientering\/wp-content\/uploads\/sites\/2\/2022\/06\/WS-OCAD-tips-trix-2048x1538.jpg 2048w, https:\/\/riks.ungoteket.se\/orientering\/wp-content\/uploads\/sites\/2\/2022\/06\/WS-OCAD-tips-trix-1500x1126.jpg 1500w, https:\/\/riks.ungoteket.se\/orientering\/wp-content\/uploads\/sites\/2\/2022\/06\/WS-OCAD-tips-trix-705x529.jpg 705w\" sizes=\"(max-width: 1030px) 100vw, 1030px\" \/><figcaption>WS OCAD tips &#038; trix<\/figcaption><\/figure>\n\n\n\n<p>\u2026och s\u00e5 ska vi inte missa att ber\u00e4tta om pausleken \u201dforma\nkarttecknet\u201d. Kan ni se vilket karttecken de har format p\u00e5 bilden?<\/p>\n\n\n\n<figure class=\"wp-block-image size-large\"><img loading=\"lazy\" decoding=\"async\" width=\"1030\" height=\"773\" src=\"https:\/\/riks.ungoteket.se\/orientering\/wp-content\/uploads\/sites\/2\/2022\/06\/Lek-forma-karttecknet-1030x773.jpg\" alt=\"\" class=\"wp-image-2269\" srcset=\"https:\/\/riks.ungoteket.se\/orientering\/wp-content\/uploads\/sites\/2\/2022\/06\/Lek-forma-karttecknet-1030x773.jpg 1030w, https:\/\/riks.ungoteket.se\/orientering\/wp-content\/uploads\/sites\/2\/2022\/06\/Lek-forma-karttecknet-300x225.jpg 300w, https:\/\/riks.ungoteket.se\/orientering\/wp-content\/uploads\/sites\/2\/2022\/06\/Lek-forma-karttecknet-768x577.jpg 768w, https:\/\/riks.ungoteket.se\/orientering\/wp-content\/uploads\/sites\/2\/2022\/06\/Lek-forma-karttecknet-1536x1153.jpg 1536w, https:\/\/riks.ungoteket.se\/orientering\/wp-content\/uploads\/sites\/2\/2022\/06\/Lek-forma-karttecknet-2048x1538.jpg 2048w, https:\/\/riks.ungoteket.se\/orientering\/wp-content\/uploads\/sites\/2\/2022\/06\/Lek-forma-karttecknet-1500x1126.jpg 1500w, https:\/\/riks.ungoteket.se\/orientering\/wp-content\/uploads\/sites\/2\/2022\/06\/Lek-forma-karttecknet-705x529.jpg 705w\" sizes=\"(max-width: 1030px) 100vw, 1030px\" \/><figcaption>Lek &#8211; forma karttecknet<\/figcaption><\/figure>\n\n\n\n<p>En riktigt h\u00e4rlig dag i Idre, med andra ord! Imorgon v\u00e4ntar\ntyv\u00e4rr lite s\u00e4mre v\u00e4der men nog ska vi f\u00e5 b\u00e5de fina tr\u00e4ningar och bra\nutbildningstillf\u00e4llen \u00e4nd\u00e5!<\/p>\n<\/div><span class='post-meta-infos'><time class='date-container minor-meta updated' >27 juni, 2022<\/time><span class='text-sep text-sep-date'>\/<\/span><span class=\"blog-author minor-meta\">av <span class=\"entry-author-link\"  itemprop=\"author\" ><span class=\"author\"><span class=\"fn\"><a href=\"https:\/\/riks.ungoteket.se\/orientering\/author\/ungoteket\/\" title=\"Inl\u00e4gg av ungoteket\" rel=\"author\">ungoteket<\/a><\/span><\/span><\/span><\/span><\/span><footer class=\"entry-footer\"><\/footer><div class='post_delimiter'><\/div><\/div><div class='post_author_timeline'><\/div><span class='hidden'>\n\t\t\t\t<span class='av-structured-data'  itemprop=\"image\" itemscope=\"itemscope\" itemtype=\"https:\/\/schema.org\/ImageObject\" >\n\t\t\t\t\t\t<span itemprop='url'>https:\/\/riks.ungoteket.se\/orientering\/wp-content\/uploads\/sites\/2\/2022\/06\/P\u00e5-fj\u00e4ll\u00e5ngdistans-scaled.jpg<\/span>\n\t\t\t\t\t\t<span itemprop='height'>1922<\/span>\n\t\t\t\t\t\t<span itemprop='width'>2560<\/span>\n\t\t\t\t<\/span>\n\t\t\t\t<span class='av-structured-data'  itemprop=\"publisher\" itemtype=\"https:\/\/schema.org\/Organization\" itemscope=\"itemscope\" >\n\t\t\t\t\t\t<span itemprop='name'>ungoteket<\/span>\n\t\t\t\t\t\t<span itemprop='logo' itemscope itemtype='https:\/\/schema.org\/ImageObject'>\n\t\t\t\t\t\t\t<span itemprop='url'>https:\/\/riks.ungoteket.se\/orientering\/wp-content\/uploads\/sites\/2\/2019\/05\/Ungoteket_webblogoV3.png<\/span>\n\t\t\t\t\t\t <\/span>\n\t\t\t\t<\/span><span class='av-structured-data'  itemprop=\"author\" itemscope=\"itemscope\" itemtype=\"https:\/\/schema.org\/Person\" ><span itemprop='name'>ungoteket<\/span><\/span><span class='av-structured-data'  itemprop=\"datePublished\" datetime=\"2022-06-27T23:23:11+02:00\" >2022-06-27 23:23:11<\/span><span class='av-structured-data'  itemprop=\"dateModified\" itemtype=\"https:\/\/schema.org\/dateModified\" >2022-06-27 23:23:15<\/span><span class='av-structured-data'  itemprop=\"mainEntityOfPage\" itemtype=\"https:\/\/schema.org\/mainEntityOfPage\" ><span itemprop='name'>Rapport fr\u00e5n U25-camp m\u00e5ndag<\/span><\/span><\/span><\/article><div class='single-big'><nav class='pagination'><span class='pagination-meta'>Sida 1 av 6<\/span><span class='current'>1<\/span><a href='https:\/\/riks.ungoteket.se\/orientering\/wp-json\/wp\/v2\/pages\/2250\/page\/2\/' class='inactive next_page' >2<\/a><a href='https:\/\/riks.ungoteket.se\/orientering\/wp-json\/wp\/v2\/pages\/2250\/page\/3\/' class='inactive' >3<\/a><a href='https:\/\/riks.ungoteket.se\/orientering\/wp-json\/wp\/v2\/pages\/2250\/page\/2\/'>&rsaquo;<\/a><a href='https:\/\/riks.ungoteket.se\/orientering\/wp-json\/wp\/v2\/pages\/2250\/page\/6\/'>&raquo;<\/a><\/nav>\n<\/div><\/div>\n","protected":false},"excerpt":{"rendered":"","protected":false},"author":1,"featured_media":2254,"parent":0,"menu_order":0,"comment_status":"closed","ping_status":"closed","template":"","meta":{"footnotes":""},"_links":{"self":[{"href":"https:\/\/riks.ungoteket.se\/orientering\/wp-json\/wp\/v2\/pages\/2250"}],"collection":[{"href":"https:\/\/riks.ungoteket.se\/orientering\/wp-json\/wp\/v2\/pages"}],"about":[{"href":"https:\/\/riks.ungoteket.se\/orientering\/wp-json\/wp\/v2\/types\/page"}],"author":[{"embeddable":true,"href":"https:\/\/riks.ungoteket.se\/orientering\/wp-json\/wp\/v2\/users\/1"}],"replies":[{"embeddable":true,"href":"https:\/\/riks.ungoteket.se\/orientering\/wp-json\/wp\/v2\/comments?post=2250"}],"version-history":[{"count":3,"href":"https:\/\/riks.ungoteket.se\/orientering\/wp-json\/wp\/v2\/pages\/2250\/revisions"}],"predecessor-version":[{"id":2256,"href":"https:\/\/riks.ungoteket.se\/orientering\/wp-json\/wp\/v2\/pages\/2250\/revisions\/2256"}],"wp:featuredmedia":[{"embeddable":true,"href":"https:\/\/riks.ungoteket.se\/orientering\/wp-json\/wp\/v2\/media\/2254"}],"wp:attachment":[{"href":"https:\/\/riks.ungoteket.se\/orientering\/wp-json\/wp\/v2\/media?parent=2250"}],"curies":[{"name":"wp","href":"https:\/\/api.w.org\/{rel}","templated":true}]}}